{"id":2823,"date":"2026-03-10T08:42:07","date_gmt":"2026-03-10T07:42:07","guid":{"rendered":"https:\/\/build-value-interreg.eu\/agenda\/17eme-congres-de-lenergie\/"},"modified":"2026-03-10T08:55:26","modified_gmt":"2026-03-10T07:55:26","slug":"17eme-congres-de-lenergie","status":"publish","type":"event","link":"https:\/\/build-value-interreg.eu\/nl\/agenda\/17eme-congres-de-lenergie\/","title":{"rendered":"17de Energiecongres"},"content":{"rendered":"\n<p><strong><strong>RenoVeerkracht: fossielvrij bouwen aan de toekomst<\/strong><br><\/strong>Het <strong>17e Energiecongres<\/strong> biedt opnieuw een platform aan sprekers en experts van Embuild Vlaanderen, Flux50, en meer.<br><\/p>\n\n\n\n<div class=\"wp-block-group has-border-color has-secondary-border-color has-global-padding is-layout-constrained wp-container-core-group-is-layout-0b4cc052 wp-block-group-is-layout-constrained\" style=\"border-width:2px;border-radius:30px;padding-top:var(--wp--preset--spacing--medium);padding-right:var(--wp--preset--spacing--medium);padding-bottom:var(--wp--preset--spacing--medium);padding-left:var(--wp--preset--spacing--medium);box-shadow:none\"><h4 class=\"wp-block-heading\" id=\"programma\"><strong>Programma :<\/strong><\/h4>\n\n\n<ul class=\"wp-block-list\">\n<li><strong>Onthaal vanaf 9.30u<\/strong><\/li>\n\n\n\n<li><strong>10.00u \u2013 12.00u:<\/strong> Plenair in het Auditorium\n<ul class=\"wp-block-list\">\n<li>Verwelkoming door Caroline Deiteren, directeur-generaal Embuild Vlaanderen\u00a0en Frederik Loeckx, CEO van Flux50<\/li>\n\n\n\n<li>Keynote van:\n<ul class=\"wp-block-list\">\n<li>Samir Louenchi &#8211; Administrateur-generaal VEKA :\u00a0Op weg naar een fossielvrij Vlaams gebouwenpark: terug- en vooruitblik.<\/li>\n\n\n\n<li>Peter De Pauw &#8211; Head of strategy and business development bij Fluvius :\u00a0Netten voor de toekomst<\/li>\n\n\n\n<li>Lieve Helsen &#8211; KU Leuven\/EnergyVille :\u00a0Systemen van Systemen &#8211; waar integratie een duidelijk verschil maakt en fysica de vergeten intelligentie is<\/li>\n<\/ul>\n<\/li>\n\n\n\n<li>Stel je vraag ronde:\u00a0Live Q&amp;A met publiek, organisatoren en keynote\u00adsprekers<\/li>\n\n\n\n<li>Als aperitiefje 5 minuten pitches door Flux50, Embuild Vlaanderen en Techlink<\/li>\n<\/ul>\n<\/li>\n\n\n\n<li><strong>12.15u \u2013 13.30u:<\/strong> Middag lunch en Conversation Starter*<\/li>\n\n\n\n<li><strong>13.30u &#8211; 15.00u:<\/strong> 3 verdiepingsessies<\/li>\n\n\n\n<li><strong>15.00u &#8211; 15.30u:<\/strong> Pauze<\/li>\n\n\n\n<li><strong>15.30u &#8211; 17.00u:<\/strong> 3 verdiepingsessies<\/li>\n\n\n\n<li><strong>17.00u &#8211; 18.30u:<\/strong> Receptie met netwerking en Conversation Starter*<\/li>\n<\/ul>\n\n\n\n<p><\/p>\n<\/div>\n\n\n<h3 class=\"wp-block-heading\" id=\"praktisch\"><strong>Prakti<\/strong>sch<\/h3>\n\n\n<ul class=\"wp-block-list\">\n<li><strong>Locatie<\/strong>: Congrescentrum Lamot &#8211; Van Beethovenstraat 8\/10 2800 Mechelen<\/li>\n\n\n\n<li><strong>Datum: <\/strong>12 maart 2026<\/li>\n<\/ul>\n\n\n\n<div class=\"wp-block-buttons is-layout-flex wp-block-buttons-is-layout-flex\">\n<div class=\"wp-block-button\"><a class=\"wp-block-button__link wp-element-button\" href=\"https:\/\/www.embuildvlaanderen.be\/agenda\/17de-energiecongres\/\" target=\"_blank\" rel=\"noreferrer noopener\">Meer info en inschrijving<\/a><\/div>\n<\/div>\n\n\n\n<p><\/p>\n","protected":false},"featured_media":2824,"template":"","meta":{"_acf_changed":false,"inline_featured_image":false,"footnotes":""},"event-category":[151],"location":[152],"class_list":["post-2823","event","type-event","status-publish","has-post-thumbnail","hentry","event-category-congres-2","location-mechelen-belgie"],"acf":[],"yoast_head":"<!-- This site is optimized with the Yoast SEO plugin v27.2 - https:\/\/yoast.com\/product\/yoast-seo-wordpress\/ -->\n<title>17de Energiecongres &#8226; Build-value<\/title>\n<meta name=\"robots\" content=\"index, follow, max-snippet:-1, max-image-preview:large, max-video-preview:-1\" \/>\n<link rel=\"canonical\" href=\"https:\/\/build-value-interreg.eu\/nl\/agenda\/17eme-congres-de-lenergie\/\" \/>\n<meta property=\"og:locale\" content=\"nl_NL\" \/>\n<meta property=\"og:type\" content=\"article\" \/>\n<meta property=\"og:title\" content=\"17de Energiecongres &#8226; Build-value\" \/>\n<meta property=\"og:description\" content=\"RenoVeerkracht: fossielvrij bouwen aan de toekomstHet 17e Energiecongres biedt opnieuw een platform aan sprekers en experts van Embuild Vlaanderen, Flux50, en meer. Programma : Praktisch\" \/>\n<meta property=\"og:url\" content=\"https:\/\/build-value-interreg.eu\/nl\/agenda\/17eme-congres-de-lenergie\/\" \/>\n<meta property=\"og:site_name\" content=\"Build-value\" \/>\n<meta property=\"article:modified_time\" content=\"2026-03-10T07:55:26+00:00\" \/>\n<meta property=\"og:image\" content=\"https:\/\/build-value-interreg.eu\/wp-content\/uploads\/2026\/03\/17de-congres-embuild-vlaanderen-12-march.jpg\" \/>\n\t<meta property=\"og:image:width\" content=\"464\" \/>\n\t<meta property=\"og:image:height\" content=\"261\" \/>\n\t<meta property=\"og:image:type\" content=\"image\/jpeg\" \/>\n<meta name=\"twitter:card\" content=\"summary_large_image\" \/>\n<meta name=\"twitter:label1\" content=\"Geschatte leestijd\" \/>\n\t<meta name=\"twitter:data1\" content=\"2 minuten\" \/>\n<script type=\"application\/ld+json\" class=\"yoast-schema-graph\">{\"@context\":\"https:\/\/schema.org\",\"@graph\":[{\"@type\":\"WebPage\",\"@id\":\"https:\/\/build-value-interreg.eu\/nl\/agenda\/17eme-congres-de-lenergie\/\",\"url\":\"https:\/\/build-value-interreg.eu\/nl\/agenda\/17eme-congres-de-lenergie\/\",\"name\":\"17de Energiecongres &#8226; Build-value\",\"isPartOf\":{\"@id\":\"https:\/\/build-value-interreg.eu\/nl\/#website\"},\"primaryImageOfPage\":{\"@id\":\"https:\/\/build-value-interreg.eu\/nl\/agenda\/17eme-congres-de-lenergie\/#primaryimage\"},\"image\":{\"@id\":\"https:\/\/build-value-interreg.eu\/nl\/agenda\/17eme-congres-de-lenergie\/#primaryimage\"},\"thumbnailUrl\":\"https:\/\/build-value-interreg.eu\/wp-content\/uploads\/2026\/03\/17de-congres-embuild-vlaanderen-12-march.jpg\",\"datePublished\":\"2026-03-10T07:42:07+00:00\",\"dateModified\":\"2026-03-10T07:55:26+00:00\",\"breadcrumb\":{\"@id\":\"https:\/\/build-value-interreg.eu\/nl\/agenda\/17eme-congres-de-lenergie\/#breadcrumb\"},\"inLanguage\":\"nl-NL\",\"potentialAction\":[{\"@type\":\"ReadAction\",\"target\":[\"https:\/\/build-value-interreg.eu\/nl\/agenda\/17eme-congres-de-lenergie\/\"]}]},{\"@type\":\"ImageObject\",\"inLanguage\":\"nl-NL\",\"@id\":\"https:\/\/build-value-interreg.eu\/nl\/agenda\/17eme-congres-de-lenergie\/#primaryimage\",\"url\":\"https:\/\/build-value-interreg.eu\/wp-content\/uploads\/2026\/03\/17de-congres-embuild-vlaanderen-12-march.jpg\",\"contentUrl\":\"https:\/\/build-value-interreg.eu\/wp-content\/uploads\/2026\/03\/17de-congres-embuild-vlaanderen-12-march.jpg\",\"width\":464,\"height\":261},{\"@type\":\"BreadcrumbList\",\"@id\":\"https:\/\/build-value-interreg.eu\/nl\/agenda\/17eme-congres-de-lenergie\/#breadcrumb\",\"itemListElement\":[{\"@type\":\"ListItem\",\"position\":1,\"name\":\"Accueil\",\"item\":\"https:\/\/build-value-interreg.eu\/nl\/\"},{\"@type\":\"ListItem\",\"position\":2,\"name\":\"\u00c9v\u00e9nements\",\"item\":\"https:\/\/build-value-interreg.eu\/nl\/agenda\/\"},{\"@type\":\"ListItem\",\"position\":3,\"name\":\"17de Energiecongres\"}]},{\"@type\":\"WebSite\",\"@id\":\"https:\/\/build-value-interreg.eu\/nl\/#website\",\"url\":\"https:\/\/build-value-interreg.eu\/nl\/\",\"name\":\"Build-value\",\"description\":\"Valorisation des mat\u00e9riaux biosourc\u00e9s et g\u00e9osourc\u00e9s dans la construction.\",\"publisher\":{\"@id\":\"https:\/\/build-value-interreg.eu\/nl\/#organization\"},\"alternateName\":\"Build-value Interreg\",\"potentialAction\":[{\"@type\":\"SearchAction\",\"target\":{\"@type\":\"EntryPoint\",\"urlTemplate\":\"https:\/\/build-value-interreg.eu\/nl\/?s={search_term_string}\"},\"query-input\":{\"@type\":\"PropertyValueSpecification\",\"valueRequired\":true,\"valueName\":\"search_term_string\"}}],\"inLanguage\":\"nl-NL\"},{\"@type\":\"Organization\",\"@id\":\"https:\/\/build-value-interreg.eu\/nl\/#organization\",\"name\":\"Build-value\",\"url\":\"https:\/\/build-value-interreg.eu\/nl\/\",\"logo\":{\"@type\":\"ImageObject\",\"inLanguage\":\"nl-NL\",\"@id\":\"https:\/\/build-value-interreg.eu\/nl\/#\/schema\/logo\/image\/\",\"url\":\"https:\/\/build-value-interreg.eu\/wp-content\/uploads\/2025\/05\/build-value-logo.svg\",\"contentUrl\":\"https:\/\/build-value-interreg.eu\/wp-content\/uploads\/2025\/05\/build-value-logo.svg\",\"caption\":\"Build-value\"},\"image\":{\"@id\":\"https:\/\/build-value-interreg.eu\/nl\/#\/schema\/logo\/image\/\"},\"sameAs\":[\"https:\/\/www.youtube.com\/@InterregBuild-value\",\"https:\/\/www.linkedin.com\/company\/build-value\/\"]}]}<\/script>\n<!-- \/ Yoast SEO plugin. -->","yoast_head_json":{"title":"17de Energiecongres &#8226; Build-value","robots":{"index":"index","follow":"follow","max-snippet":"max-snippet:-1","max-image-preview":"max-image-preview:large","max-video-preview":"max-video-preview:-1"},"canonical":"https:\/\/build-value-interreg.eu\/nl\/agenda\/17eme-congres-de-lenergie\/","og_locale":"nl_NL","og_type":"article","og_title":"17de Energiecongres &#8226; Build-value","og_description":"RenoVeerkracht: fossielvrij bouwen aan de toekomstHet 17e Energiecongres biedt opnieuw een platform aan sprekers en experts van Embuild Vlaanderen, Flux50, en meer. Programma : Praktisch","og_url":"https:\/\/build-value-interreg.eu\/nl\/agenda\/17eme-congres-de-lenergie\/","og_site_name":"Build-value","article_modified_time":"2026-03-10T07:55:26+00:00","og_image":[{"width":464,"height":261,"url":"https:\/\/build-value-interreg.eu\/wp-content\/uploads\/2026\/03\/17de-congres-embuild-vlaanderen-12-march.jpg","type":"image\/jpeg"}],"twitter_card":"summary_large_image","twitter_misc":{"Geschatte leestijd":"2 minuten"},"schema":{"@context":"https:\/\/schema.org","@graph":[{"@type":"WebPage","@id":"https:\/\/build-value-interreg.eu\/nl\/agenda\/17eme-congres-de-lenergie\/","url":"https:\/\/build-value-interreg.eu\/nl\/agenda\/17eme-congres-de-lenergie\/","name":"17de Energiecongres &#8226; Build-value","isPartOf":{"@id":"https:\/\/build-value-interreg.eu\/nl\/#website"},"primaryImageOfPage":{"@id":"https:\/\/build-value-interreg.eu\/nl\/agenda\/17eme-congres-de-lenergie\/#primaryimage"},"image":{"@id":"https:\/\/build-value-interreg.eu\/nl\/agenda\/17eme-congres-de-lenergie\/#primaryimage"},"thumbnailUrl":"https:\/\/build-value-interreg.eu\/wp-content\/uploads\/2026\/03\/17de-congres-embuild-vlaanderen-12-march.jpg","datePublished":"2026-03-10T07:42:07+00:00","dateModified":"2026-03-10T07:55:26+00:00","breadcrumb":{"@id":"https:\/\/build-value-interreg.eu\/nl\/agenda\/17eme-congres-de-lenergie\/#breadcrumb"},"inLanguage":"nl-NL","potentialAction":[{"@type":"ReadAction","target":["https:\/\/build-value-interreg.eu\/nl\/agenda\/17eme-congres-de-lenergie\/"]}]},{"@type":"ImageObject","inLanguage":"nl-NL","@id":"https:\/\/build-value-interreg.eu\/nl\/agenda\/17eme-congres-de-lenergie\/#primaryimage","url":"https:\/\/build-value-interreg.eu\/wp-content\/uploads\/2026\/03\/17de-congres-embuild-vlaanderen-12-march.jpg","contentUrl":"https:\/\/build-value-interreg.eu\/wp-content\/uploads\/2026\/03\/17de-congres-embuild-vlaanderen-12-march.jpg","width":464,"height":261},{"@type":"BreadcrumbList","@id":"https:\/\/build-value-interreg.eu\/nl\/agenda\/17eme-congres-de-lenergie\/#breadcrumb","itemListElement":[{"@type":"ListItem","position":1,"name":"Accueil","item":"https:\/\/build-value-interreg.eu\/nl\/"},{"@type":"ListItem","position":2,"name":"\u00c9v\u00e9nements","item":"https:\/\/build-value-interreg.eu\/nl\/agenda\/"},{"@type":"ListItem","position":3,"name":"17de Energiecongres"}]},{"@type":"WebSite","@id":"https:\/\/build-value-interreg.eu\/nl\/#website","url":"https:\/\/build-value-interreg.eu\/nl\/","name":"Build-value","description":"Valorisation des mat\u00e9riaux biosourc\u00e9s et g\u00e9osourc\u00e9s dans la construction.","publisher":{"@id":"https:\/\/build-value-interreg.eu\/nl\/#organization"},"alternateName":"Build-value Interreg","potentialAction":[{"@type":"SearchAction","target":{"@type":"EntryPoint","urlTemplate":"https:\/\/build-value-interreg.eu\/nl\/?s={search_term_string}"},"query-input":{"@type":"PropertyValueSpecification","valueRequired":true,"valueName":"search_term_string"}}],"inLanguage":"nl-NL"},{"@type":"Organization","@id":"https:\/\/build-value-interreg.eu\/nl\/#organization","name":"Build-value","url":"https:\/\/build-value-interreg.eu\/nl\/","logo":{"@type":"ImageObject","inLanguage":"nl-NL","@id":"https:\/\/build-value-interreg.eu\/nl\/#\/schema\/logo\/image\/","url":"https:\/\/build-value-interreg.eu\/wp-content\/uploads\/2025\/05\/build-value-logo.svg","contentUrl":"https:\/\/build-value-interreg.eu\/wp-content\/uploads\/2025\/05\/build-value-logo.svg","caption":"Build-value"},"image":{"@id":"https:\/\/build-value-interreg.eu\/nl\/#\/schema\/logo\/image\/"},"sameAs":["https:\/\/www.youtube.com\/@InterregBuild-value","https:\/\/www.linkedin.com\/company\/build-value\/"]}]}},"_links":{"self":[{"href":"https:\/\/build-value-interreg.eu\/nl\/wp-json\/wp\/v2\/event\/2823","targetHints":{"allow":["GET"]}}],"collection":[{"href":"https:\/\/build-value-interreg.eu\/nl\/wp-json\/wp\/v2\/event"}],"about":[{"href":"https:\/\/build-value-interreg.eu\/nl\/wp-json\/wp\/v2\/types\/event"}],"version-history":[{"count":2,"href":"https:\/\/build-value-interreg.eu\/nl\/wp-json\/wp\/v2\/event\/2823\/revisions"}],"predecessor-version":[{"id":2827,"href":"https:\/\/build-value-interreg.eu\/nl\/wp-json\/wp\/v2\/event\/2823\/revisions\/2827"}],"wp:featuredmedia":[{"embeddable":true,"href":"https:\/\/build-value-interreg.eu\/nl\/wp-json\/wp\/v2\/media\/2824"}],"wp:attachment":[{"href":"https:\/\/build-value-interreg.eu\/nl\/wp-json\/wp\/v2\/media?parent=2823"}],"wp:term":[{"taxonomy":"event-category","embeddable":true,"href":"https:\/\/build-value-interreg.eu\/nl\/wp-json\/wp\/v2\/event-category?post=2823"},{"taxonomy":"location","embeddable":true,"href":"https:\/\/build-value-interreg.eu\/nl\/wp-json\/wp\/v2\/location?post=2823"}],"curies":[{"name":"wp","href":"https:\/\/api.w.org\/{rel}","templated":true}]}}