{"id":2091,"date":"2025-11-07T15:29:36","date_gmt":"2025-11-07T14:29:36","guid":{"rendered":"https:\/\/build-value-interreg.eu\/?post_type=event&#038;p=2091"},"modified":"2025-11-12T07:19:31","modified_gmt":"2025-11-12T06:19:31","slug":"lunch-learn-webinar-maak-je-offerte-premieklaar-en-aangepaste-vlaamse-regels-vanaf-01-01-2026","status":"publish","type":"event","link":"https:\/\/build-value-interreg.eu\/nl\/agenda\/lunch-learn-webinar-maak-je-offerte-premieklaar-en-aangepaste-vlaamse-regels-vanaf-01-01-2026\/","title":{"rendered":"Lunch &amp; Learn Webinar: Maak je offerte premieklaar \u2013 en aangepaste Vlaamse regels vanaf 01\/01\/2026"},"content":{"rendered":"\n<div class=\"wp-block-columns is-layout-flex wp-container-core-columns-is-layout-28f84493 wp-block-columns-is-layout-flex\">\n<div class=\"wp-block-column is-layout-flow wp-block-column-is-layout-flow\" style=\"flex-basis:150px\">\n<div class=\"wp-block-getwid-icon is-aligned-center\"><div class=\"wp-block-getwid-icon__wrapper getwid-animation has-text-color has-secondary-color\" data-animation=\"tada\"><i class=\"far fa-clock\"><\/i><\/div><\/div>\n\n\n\n<p class=\"has-text-align-center has-text-color has-link-color wp-elements-25283f86227b3d31de59f13a77d1de77\" style=\"color:#969696\"><em>19 november<\/em><br><em>van 12 tot 13 uur<\/em><\/p>\n<\/div>\n\n\n\n<div class=\"wp-block-column is-layout-flow wp-block-column-is-layout-flow\" style=\"flex-basis:500px\">\n<div class=\"wp-block-getwid-icon is-aligned-center\"><div class=\"wp-block-getwid-icon__wrapper getwid-animation has-text-color has-secondary-color\" data-animation=\"tada\"><i class=\"fas fa-microphone\"><\/i><\/div><\/div>\n\n\n\n<p class=\"has-text-align-center has-text-color has-link-color wp-elements-d56ca49df8a2d10c8da1795a8b2dc460\" style=\"color:#969696\"><em><strong>Johan Vanden Driessche<\/strong>, Projectco\u00f6rdinator Energie bij Embuild Vlaanderen<\/em><br><em><strong>Annick Vanhove<\/strong>, Consulent, Stad Mechelen (Afdeling Strategie &amp; ICT)<\/em><\/p>\n<\/div>\n\n\n\n<div class=\"wp-block-column is-layout-flow wp-block-column-is-layout-flow\" style=\"flex-basis:150px\">\n<div class=\"wp-block-getwid-icon is-aligned-center\"><div class=\"wp-block-getwid-icon__wrapper getwid-animation has-text-color has-secondary-color\" data-animation=\"tada\"><i class=\"fas fa-map-marker-alt\"><\/i><\/div><\/div>\n\n\n\n<p class=\"has-text-align-center has-text-color has-link-color wp-elements-bb7ec847942fe85bb6eef945ff35423e\" style=\"color:#969696\"><em>Online<\/em><\/p>\n<\/div>\n<\/div>\n\n\n\n<hr class=\"wp-block-separator has-text-color has-contrast-color has-alpha-channel-opacity has-contrast-background-color has-background is-style-dots\" style=\"margin-top:var(--wp--preset--spacing--medium);margin-bottom:var(--wp--preset--spacing--medium)\"\/>\n\n\n\n<div class=\"wp-block-media-text is-stacked-on-mobile is-vertically-aligned-top\" style=\"grid-template-columns:58% auto\"><figure class=\"wp-block-media-text__media\"><a href=\"https:\/\/register.visitcloud.com\/survey\/15i887jnuht52?actioncode=NTWO000034GBR&amp;partner-contact=32otg9jn46ij5&amp;verifier=POGM3btADLHPW4Z7YTuAk0UIWSs\" target=\"_blank\" rel=\" noreferrer noopener\"><img loading=\"lazy\" decoding=\"async\" width=\"909\" height=\"247\" src=\"https:\/\/build-value-interreg.eu\/wp-content\/uploads\/2025\/11\/capture-decran-2025-11-07-151931.png\" alt=\"\" class=\"wp-image-2092 size-full\" srcset=\"https:\/\/build-value-interreg.eu\/wp-content\/uploads\/2025\/11\/capture-decran-2025-11-07-151931.png 909w, https:\/\/build-value-interreg.eu\/wp-content\/uploads\/2025\/11\/capture-decran-2025-11-07-151931-300x82.png 300w, https:\/\/build-value-interreg.eu\/wp-content\/uploads\/2025\/11\/capture-decran-2025-11-07-151931-768x209.png 768w, https:\/\/build-value-interreg.eu\/wp-content\/uploads\/2025\/11\/capture-decran-2025-11-07-151931-600x163.png 600w\" sizes=\"(max-width: 909px) 100vw, 909px\" \/><\/a><\/figure><div class=\"wp-block-media-text__content\">\n<figure class=\"wp-block-image size-full\"><img loading=\"lazy\" decoding=\"async\" width=\"449\" height=\"126\" src=\"https:\/\/build-value-interreg.eu\/wp-content\/uploads\/2025\/11\/capture-decran-2025-11-07-152238.png\" alt=\"\" class=\"wp-image-2095\" srcset=\"https:\/\/build-value-interreg.eu\/wp-content\/uploads\/2025\/11\/capture-decran-2025-11-07-152238.png 449w, https:\/\/build-value-interreg.eu\/wp-content\/uploads\/2025\/11\/capture-decran-2025-11-07-152238-300x84.png 300w\" sizes=\"(max-width: 449px) 100vw, 449px\" \/><\/figure>\n<\/div><\/div>\n\n\n\n<p>Mijn VerbouwPremie is de eengemaakte premie voor renovaties en energiebesparende investeringen voor woningen, appartementen en alle andere gebouwen gelegen in het Vlaamse Gewest. Vanaf 2026 verandert er heel wat aan de regels.<\/p>\n\n\n\n<p>Wil jij als aannemer, dakwerker, gevelwerker, schrijnwerker of installateur goed voorbereid zijn? Dan wil je dit webinar niet missen!<\/p>\n\n\n<h4 class=\"wp-block-heading\" id=\"wat-mag-je-verwachten\"><strong>Wat mag je verwachten?<\/strong><\/h4>\n\n\n<ul class=\"wp-block-list\">\n<li>Een heldere toelichting op de belangrijkste veranderingen aan Mijn VerbouwPremie vanaf 2026<\/li>\n\n\n\n<li>Praktische tips en duidelijke inzichten om je offertes optimaal af te stemmen op de nieuwe regelgeving<\/li>\n<\/ul>\n\n\n<h4 class=\"wp-block-heading\" id=\"voor-wie\"><strong>Voor wie?<\/strong><\/h4>\n\n\n<ul class=\"wp-block-list\">\n<li>Aannemers<\/li>\n\n\n\n<li>Dakwerkers<\/li>\n\n\n\n<li>Gevelwerkers<\/li>\n\n\n\n<li>Schrijnwerkers<\/li>\n\n\n\n<li>Installateurs<\/li>\n<\/ul>\n\n\n\n<p>Deelname is Gratis, maar vooraf inschrijven verplicht&nbsp;&nbsp; \/ voor leden van Embuild<\/p>\n\n\n\n<div class=\"wp-block-columns is-layout-flex wp-container-core-columns-is-layout-28f84493 wp-block-columns-is-layout-flex\">\n<div class=\"wp-block-column is-layout-flow wp-block-column-is-layout-flow\">\n<div class=\"wp-block-buttons is-content-justification-left is-layout-flex wp-container-core-buttons-is-layout-5072ca3a wp-block-buttons-is-layout-flex\" style=\"margin-top:var(--wp--preset--spacing--medium);margin-bottom:var(--wp--preset--spacing--medium)\">\n<div class=\"wp-block-button\"><a class=\"wp-block-button__link has-text-align-center wp-element-button\" href=\"https:\/\/events.teams.microsoft.com\/event\/c0b06c1d-21c2-46bd-9ebb-4cbdae201b6d@4bff6c9f-3d91-45fe-8a5e-3a328b5c9809\" target=\"_blank\" rel=\"noreferrer noopener\">Inschrijving<\/a><\/div>\n<\/div>\n<\/div>\n\n\n\n<div class=\"wp-block-column is-layout-flow wp-block-column-is-layout-flow\"><\/div>\n<\/div>\n\n\n\n<p><\/p>\n","protected":false},"featured_media":673,"template":"","meta":{"_acf_changed":false,"inline_featured_image":false,"footnotes":""},"event-category":[58],"location":[59],"class_list":["post-2091","event","type-event","status-publish","has-post-thumbnail","hentry","event-category-webinar","location-online"],"acf":[],"yoast_head":"<!-- This site is optimized with the Yoast SEO plugin v27.2 - https:\/\/yoast.com\/product\/yoast-seo-wordpress\/ -->\n<title>Lunch &amp; Learn Webinar: Maak je offerte premieklaar \u2013 en aangepaste Vlaamse regels vanaf 01\/01\/2026 &#8226; Build-value<\/title>\n<meta name=\"robots\" content=\"index, follow, max-snippet:-1, max-image-preview:large, max-video-preview:-1\" \/>\n<link rel=\"canonical\" href=\"https:\/\/build-value-interreg.eu\/nl\/agenda\/lunch-learn-webinar-maak-je-offerte-premieklaar-en-aangepaste-vlaamse-regels-vanaf-01-01-2026\/\" \/>\n<meta property=\"og:locale\" content=\"nl_NL\" \/>\n<meta property=\"og:type\" content=\"article\" \/>\n<meta property=\"og:title\" content=\"Lunch &amp; Learn Webinar: Maak je offerte premieklaar \u2013 en aangepaste Vlaamse regels vanaf 01\/01\/2026 &#8226; Build-value\" \/>\n<meta property=\"og:description\" content=\"19 novembervan 12 tot 13 uur Johan Vanden Driessche, Projectco\u00f6rdinator Energie bij Embuild VlaanderenAnnick Vanhove, Consulent, Stad Mechelen (Afdeling Strategie &amp; ICT) Online Mijn VerbouwPremie is de eengemaakte premie voor renovaties en energiebesparende investeringen voor woningen, appartementen en alle andere gebouwen gelegen in het Vlaamse Gewest. Vanaf 2026 verandert er heel wat aan de regels. [&hellip;]\" \/>\n<meta property=\"og:url\" content=\"https:\/\/build-value-interreg.eu\/nl\/agenda\/lunch-learn-webinar-maak-je-offerte-premieklaar-en-aangepaste-vlaamse-regels-vanaf-01-01-2026\/\" \/>\n<meta property=\"og:site_name\" content=\"Build-value\" \/>\n<meta property=\"article:modified_time\" content=\"2025-11-12T06:19:31+00:00\" \/>\n<meta property=\"og:image\" content=\"https:\/\/build-value-interreg.eu\/wp-content\/uploads\/2025\/05\/shutterstock_2172319269-edited.jpg\" \/>\n\t<meta property=\"og:image:width\" content=\"1281\" \/>\n\t<meta property=\"og:image:height\" content=\"1281\" \/>\n\t<meta property=\"og:image:type\" content=\"image\/jpeg\" \/>\n<meta name=\"twitter:card\" content=\"summary_large_image\" \/>\n<meta name=\"twitter:label1\" content=\"Geschatte leestijd\" \/>\n\t<meta name=\"twitter:data1\" content=\"2 minuten\" \/>\n<script type=\"application\/ld+json\" class=\"yoast-schema-graph\">{\"@context\":\"https:\/\/schema.org\",\"@graph\":[{\"@type\":\"WebPage\",\"@id\":\"https:\/\/build-value-interreg.eu\/nl\/agenda\/lunch-learn-webinar-maak-je-offerte-premieklaar-en-aangepaste-vlaamse-regels-vanaf-01-01-2026\/\",\"url\":\"https:\/\/build-value-interreg.eu\/nl\/agenda\/lunch-learn-webinar-maak-je-offerte-premieklaar-en-aangepaste-vlaamse-regels-vanaf-01-01-2026\/\",\"name\":\"Lunch &amp; Learn Webinar: Maak je offerte premieklaar \u2013 en aangepaste Vlaamse regels vanaf 01\/01\/2026 &#8226; Build-value\",\"isPartOf\":{\"@id\":\"https:\/\/build-value-interreg.eu\/nl\/#website\"},\"primaryImageOfPage\":{\"@id\":\"https:\/\/build-value-interreg.eu\/nl\/agenda\/lunch-learn-webinar-maak-je-offerte-premieklaar-en-aangepaste-vlaamse-regels-vanaf-01-01-2026\/#primaryimage\"},\"image\":{\"@id\":\"https:\/\/build-value-interreg.eu\/nl\/agenda\/lunch-learn-webinar-maak-je-offerte-premieklaar-en-aangepaste-vlaamse-regels-vanaf-01-01-2026\/#primaryimage\"},\"thumbnailUrl\":\"https:\/\/build-value-interreg.eu\/wp-content\/uploads\/2025\/05\/shutterstock_2172319269-edited.jpg\",\"datePublished\":\"2025-11-07T14:29:36+00:00\",\"dateModified\":\"2025-11-12T06:19:31+00:00\",\"breadcrumb\":{\"@id\":\"https:\/\/build-value-interreg.eu\/nl\/agenda\/lunch-learn-webinar-maak-je-offerte-premieklaar-en-aangepaste-vlaamse-regels-vanaf-01-01-2026\/#breadcrumb\"},\"inLanguage\":\"nl-NL\",\"potentialAction\":[{\"@type\":\"ReadAction\",\"target\":[\"https:\/\/build-value-interreg.eu\/nl\/agenda\/lunch-learn-webinar-maak-je-offerte-premieklaar-en-aangepaste-vlaamse-regels-vanaf-01-01-2026\/\"]}]},{\"@type\":\"ImageObject\",\"inLanguage\":\"nl-NL\",\"@id\":\"https:\/\/build-value-interreg.eu\/nl\/agenda\/lunch-learn-webinar-maak-je-offerte-premieklaar-en-aangepaste-vlaamse-regels-vanaf-01-01-2026\/#primaryimage\",\"url\":\"https:\/\/build-value-interreg.eu\/wp-content\/uploads\/2025\/05\/shutterstock_2172319269-edited.jpg\",\"contentUrl\":\"https:\/\/build-value-interreg.eu\/wp-content\/uploads\/2025\/05\/shutterstock_2172319269-edited.jpg\",\"width\":1281,\"height\":1281},{\"@type\":\"BreadcrumbList\",\"@id\":\"https:\/\/build-value-interreg.eu\/nl\/agenda\/lunch-learn-webinar-maak-je-offerte-premieklaar-en-aangepaste-vlaamse-regels-vanaf-01-01-2026\/#breadcrumb\",\"itemListElement\":[{\"@type\":\"ListItem\",\"position\":1,\"name\":\"Accueil\",\"item\":\"https:\/\/build-value-interreg.eu\/nl\/\"},{\"@type\":\"ListItem\",\"position\":2,\"name\":\"\u00c9v\u00e9nements\",\"item\":\"https:\/\/build-value-interreg.eu\/nl\/agenda\/\"},{\"@type\":\"ListItem\",\"position\":3,\"name\":\"Lunch &amp; Learn Webinar: Maak je offerte premieklaar \u2013 en aangepaste Vlaamse regels vanaf 01\/01\/2026\"}]},{\"@type\":\"WebSite\",\"@id\":\"https:\/\/build-value-interreg.eu\/nl\/#website\",\"url\":\"https:\/\/build-value-interreg.eu\/nl\/\",\"name\":\"Build-value\",\"description\":\"Valorisation des mat\u00e9riaux biosourc\u00e9s et g\u00e9osourc\u00e9s dans la construction.\",\"publisher\":{\"@id\":\"https:\/\/build-value-interreg.eu\/nl\/#organization\"},\"alternateName\":\"Build-value Interreg\",\"potentialAction\":[{\"@type\":\"SearchAction\",\"target\":{\"@type\":\"EntryPoint\",\"urlTemplate\":\"https:\/\/build-value-interreg.eu\/nl\/?s={search_term_string}\"},\"query-input\":{\"@type\":\"PropertyValueSpecification\",\"valueRequired\":true,\"valueName\":\"search_term_string\"}}],\"inLanguage\":\"nl-NL\"},{\"@type\":\"Organization\",\"@id\":\"https:\/\/build-value-interreg.eu\/nl\/#organization\",\"name\":\"Build-value\",\"url\":\"https:\/\/build-value-interreg.eu\/nl\/\",\"logo\":{\"@type\":\"ImageObject\",\"inLanguage\":\"nl-NL\",\"@id\":\"https:\/\/build-value-interreg.eu\/nl\/#\/schema\/logo\/image\/\",\"url\":\"https:\/\/build-value-interreg.eu\/wp-content\/uploads\/2025\/05\/build-value-logo.svg\",\"contentUrl\":\"https:\/\/build-value-interreg.eu\/wp-content\/uploads\/2025\/05\/build-value-logo.svg\",\"caption\":\"Build-value\"},\"image\":{\"@id\":\"https:\/\/build-value-interreg.eu\/nl\/#\/schema\/logo\/image\/\"},\"sameAs\":[\"https:\/\/www.youtube.com\/@InterregBuild-value\",\"https:\/\/www.linkedin.com\/company\/build-value\/\"]}]}<\/script>\n<!-- \/ Yoast SEO plugin. -->","yoast_head_json":{"title":"Lunch &amp; Learn Webinar: Maak je offerte premieklaar \u2013 en aangepaste Vlaamse regels vanaf 01\/01\/2026 &#8226; Build-value","robots":{"index":"index","follow":"follow","max-snippet":"max-snippet:-1","max-image-preview":"max-image-preview:large","max-video-preview":"max-video-preview:-1"},"canonical":"https:\/\/build-value-interreg.eu\/nl\/agenda\/lunch-learn-webinar-maak-je-offerte-premieklaar-en-aangepaste-vlaamse-regels-vanaf-01-01-2026\/","og_locale":"nl_NL","og_type":"article","og_title":"Lunch &amp; Learn Webinar: Maak je offerte premieklaar \u2013 en aangepaste Vlaamse regels vanaf 01\/01\/2026 &#8226; Build-value","og_description":"19 novembervan 12 tot 13 uur Johan Vanden Driessche, Projectco\u00f6rdinator Energie bij Embuild VlaanderenAnnick Vanhove, Consulent, Stad Mechelen (Afdeling Strategie &amp; ICT) Online Mijn VerbouwPremie is de eengemaakte premie voor renovaties en energiebesparende investeringen voor woningen, appartementen en alle andere gebouwen gelegen in het Vlaamse Gewest. Vanaf 2026 verandert er heel wat aan de regels. [&hellip;]","og_url":"https:\/\/build-value-interreg.eu\/nl\/agenda\/lunch-learn-webinar-maak-je-offerte-premieklaar-en-aangepaste-vlaamse-regels-vanaf-01-01-2026\/","og_site_name":"Build-value","article_modified_time":"2025-11-12T06:19:31+00:00","og_image":[{"width":1281,"height":1281,"url":"https:\/\/build-value-interreg.eu\/wp-content\/uploads\/2025\/05\/shutterstock_2172319269-edited.jpg","type":"image\/jpeg"}],"twitter_card":"summary_large_image","twitter_misc":{"Geschatte leestijd":"2 minuten"},"schema":{"@context":"https:\/\/schema.org","@graph":[{"@type":"WebPage","@id":"https:\/\/build-value-interreg.eu\/nl\/agenda\/lunch-learn-webinar-maak-je-offerte-premieklaar-en-aangepaste-vlaamse-regels-vanaf-01-01-2026\/","url":"https:\/\/build-value-interreg.eu\/nl\/agenda\/lunch-learn-webinar-maak-je-offerte-premieklaar-en-aangepaste-vlaamse-regels-vanaf-01-01-2026\/","name":"Lunch &amp; Learn Webinar: Maak je offerte premieklaar \u2013 en aangepaste Vlaamse regels vanaf 01\/01\/2026 &#8226; Build-value","isPartOf":{"@id":"https:\/\/build-value-interreg.eu\/nl\/#website"},"primaryImageOfPage":{"@id":"https:\/\/build-value-interreg.eu\/nl\/agenda\/lunch-learn-webinar-maak-je-offerte-premieklaar-en-aangepaste-vlaamse-regels-vanaf-01-01-2026\/#primaryimage"},"image":{"@id":"https:\/\/build-value-interreg.eu\/nl\/agenda\/lunch-learn-webinar-maak-je-offerte-premieklaar-en-aangepaste-vlaamse-regels-vanaf-01-01-2026\/#primaryimage"},"thumbnailUrl":"https:\/\/build-value-interreg.eu\/wp-content\/uploads\/2025\/05\/shutterstock_2172319269-edited.jpg","datePublished":"2025-11-07T14:29:36+00:00","dateModified":"2025-11-12T06:19:31+00:00","breadcrumb":{"@id":"https:\/\/build-value-interreg.eu\/nl\/agenda\/lunch-learn-webinar-maak-je-offerte-premieklaar-en-aangepaste-vlaamse-regels-vanaf-01-01-2026\/#breadcrumb"},"inLanguage":"nl-NL","potentialAction":[{"@type":"ReadAction","target":["https:\/\/build-value-interreg.eu\/nl\/agenda\/lunch-learn-webinar-maak-je-offerte-premieklaar-en-aangepaste-vlaamse-regels-vanaf-01-01-2026\/"]}]},{"@type":"ImageObject","inLanguage":"nl-NL","@id":"https:\/\/build-value-interreg.eu\/nl\/agenda\/lunch-learn-webinar-maak-je-offerte-premieklaar-en-aangepaste-vlaamse-regels-vanaf-01-01-2026\/#primaryimage","url":"https:\/\/build-value-interreg.eu\/wp-content\/uploads\/2025\/05\/shutterstock_2172319269-edited.jpg","contentUrl":"https:\/\/build-value-interreg.eu\/wp-content\/uploads\/2025\/05\/shutterstock_2172319269-edited.jpg","width":1281,"height":1281},{"@type":"BreadcrumbList","@id":"https:\/\/build-value-interreg.eu\/nl\/agenda\/lunch-learn-webinar-maak-je-offerte-premieklaar-en-aangepaste-vlaamse-regels-vanaf-01-01-2026\/#breadcrumb","itemListElement":[{"@type":"ListItem","position":1,"name":"Accueil","item":"https:\/\/build-value-interreg.eu\/nl\/"},{"@type":"ListItem","position":2,"name":"\u00c9v\u00e9nements","item":"https:\/\/build-value-interreg.eu\/nl\/agenda\/"},{"@type":"ListItem","position":3,"name":"Lunch &amp; Learn Webinar: Maak je offerte premieklaar \u2013 en aangepaste Vlaamse regels vanaf 01\/01\/2026"}]},{"@type":"WebSite","@id":"https:\/\/build-value-interreg.eu\/nl\/#website","url":"https:\/\/build-value-interreg.eu\/nl\/","name":"Build-value","description":"Valorisation des mat\u00e9riaux biosourc\u00e9s et g\u00e9osourc\u00e9s dans la construction.","publisher":{"@id":"https:\/\/build-value-interreg.eu\/nl\/#organization"},"alternateName":"Build-value Interreg","potentialAction":[{"@type":"SearchAction","target":{"@type":"EntryPoint","urlTemplate":"https:\/\/build-value-interreg.eu\/nl\/?s={search_term_string}"},"query-input":{"@type":"PropertyValueSpecification","valueRequired":true,"valueName":"search_term_string"}}],"inLanguage":"nl-NL"},{"@type":"Organization","@id":"https:\/\/build-value-interreg.eu\/nl\/#organization","name":"Build-value","url":"https:\/\/build-value-interreg.eu\/nl\/","logo":{"@type":"ImageObject","inLanguage":"nl-NL","@id":"https:\/\/build-value-interreg.eu\/nl\/#\/schema\/logo\/image\/","url":"https:\/\/build-value-interreg.eu\/wp-content\/uploads\/2025\/05\/build-value-logo.svg","contentUrl":"https:\/\/build-value-interreg.eu\/wp-content\/uploads\/2025\/05\/build-value-logo.svg","caption":"Build-value"},"image":{"@id":"https:\/\/build-value-interreg.eu\/nl\/#\/schema\/logo\/image\/"},"sameAs":["https:\/\/www.youtube.com\/@InterregBuild-value","https:\/\/www.linkedin.com\/company\/build-value\/"]}]}},"_links":{"self":[{"href":"https:\/\/build-value-interreg.eu\/nl\/wp-json\/wp\/v2\/event\/2091","targetHints":{"allow":["GET"]}}],"collection":[{"href":"https:\/\/build-value-interreg.eu\/nl\/wp-json\/wp\/v2\/event"}],"about":[{"href":"https:\/\/build-value-interreg.eu\/nl\/wp-json\/wp\/v2\/types\/event"}],"version-history":[{"count":4,"href":"https:\/\/build-value-interreg.eu\/nl\/wp-json\/wp\/v2\/event\/2091\/revisions"}],"predecessor-version":[{"id":2123,"href":"https:\/\/build-value-interreg.eu\/nl\/wp-json\/wp\/v2\/event\/2091\/revisions\/2123"}],"wp:featuredmedia":[{"embeddable":true,"href":"https:\/\/build-value-interreg.eu\/nl\/wp-json\/wp\/v2\/media\/673"}],"wp:attachment":[{"href":"https:\/\/build-value-interreg.eu\/nl\/wp-json\/wp\/v2\/media?parent=2091"}],"wp:term":[{"taxonomy":"event-category","embeddable":true,"href":"https:\/\/build-value-interreg.eu\/nl\/wp-json\/wp\/v2\/event-category?post=2091"},{"taxonomy":"location","embeddable":true,"href":"https:\/\/build-value-interreg.eu\/nl\/wp-json\/wp\/v2\/location?post=2091"}],"curies":[{"name":"wp","href":"https:\/\/api.w.org\/{rel}","templated":true}]}}