{"id":2046,"date":"2025-11-03T08:55:56","date_gmt":"2025-11-03T07:55:56","guid":{"rendered":"https:\/\/build-value-interreg.eu\/event\/du-diagnostic-a-lechelle-de-performance-co2-passez-de-lintention-a-laction\/"},"modified":"2026-03-11T15:56:21","modified_gmt":"2026-03-11T14:56:21","slug":"du-diagnostic-a-lechelle-de-performance-co2-passez-de-lintention-a-laction","status":"publish","type":"event","link":"https:\/\/build-value-interreg.eu\/nl\/agenda\/du-diagnostic-a-lechelle-de-performance-co2-passez-de-lintention-a-laction\/","title":{"rendered":"Van diagnose tot CO2-prestatieladder\u00a0: van intenties naar acties\u00a0!"},"content":{"rendered":"\n<p>Neem op <strong>4 december<\/strong> deel aan onze workshop die je helpt om jouw duurzame ambities om te zetten in concrete acties. Laat je inspireren, krijg praktische tools, deel ervaringen en zet jouw onderneming sterker op weg richting een versnelde koolstoftransitie.<\/p>\n\n\n<h3 class=\"wp-block-heading\" id=\"praktische-informatienbsp\"><strong>Praktische informatie <\/strong><\/h3>\n\n\n<div class=\"wp-block-group is-nowrap is-layout-flex wp-container-core-group-is-layout-6c531013 wp-block-group-is-layout-flex\">\n<ul class=\"wp-block-list\">\n<li><strong>4 december<\/strong> 2025, <strong>9u-14u<\/strong> \u2013 Lunch inbegrepen<\/li>\n\n\n\n<li><strong>Agence de Developpement Local de Sambreville<\/strong> (<strong>ADL)<\/strong>, Boulevard de l\u2019Europe n\u00b0175\/20, 5060 Sambreville<\/li>\n\n\n\n<li><strong>Gratis deelname<\/strong>&nbsp;\u2013 Deze workshop valt onder de minimis-steun. De deelnemende organisatie dient een formulier in te vullen en te ondertekenen.<\/li>\n<\/ul>\n<\/div>\n\n\n\n<div class=\"wp-block-buttons is-layout-flex wp-block-buttons-is-layout-flex\">\n<div class=\"wp-block-button\"><a class=\"wp-block-button__link wp-element-button\" href=\"https:\/\/forms.office.com\/Pages\/ResponsePage.aspx?id=n2z_S5E9_kWKXjoyi1yYCckP6-lkPjBKtWTLDE_keb5UMUtIVkVJUkpWMUVFWjI5TlZUQkNVVkM4NC4u#msdynmkt_trackingcontext=f8a4dd19-5ac1-4100-955f-7f9fb5d70300\" target=\"_blank\" rel=\"noreferrer noopener\">Inschrijven<\/a><\/div>\n<\/div>\n\n\n\n<div style=\"height:15px\" aria-hidden=\"true\" class=\"wp-block-spacer\"><\/div>\n\n\n\n<div class=\"wp-block-columns is-layout-flex wp-container-core-columns-is-layout-28f84493 wp-block-columns-is-layout-flex\">\n<div class=\"wp-block-column is-layout-flow wp-block-column-is-layout-flow\">\n<figure class=\"wp-block-image size-full\"><img loading=\"lazy\" decoding=\"async\" width=\"249\" height=\"189\" src=\"https:\/\/build-value-interreg.eu\/wp-content\/uploads\/2025\/11\/adl-sambreville.jpg\" alt=\"\" class=\"wp-image-2127\"\/><\/figure>\n<\/div>\n\n\n\n<div class=\"wp-block-column is-layout-flow wp-block-column-is-layout-flow\">\n<figure class=\"wp-block-image size-full\"><img loading=\"lazy\" decoding=\"async\" width=\"193\" height=\"192\" src=\"https:\/\/build-value-interreg.eu\/wp-content\/uploads\/2025\/11\/polygones.jpg\" alt=\"\" class=\"wp-image-2213\" srcset=\"https:\/\/build-value-interreg.eu\/wp-content\/uploads\/2025\/11\/polygones.jpg 193w, https:\/\/build-value-interreg.eu\/wp-content\/uploads\/2025\/11\/polygones-150x150.jpg 150w\" sizes=\"(max-width: 193px) 100vw, 193px\" \/><\/figure>\n<\/div>\n\n\n\n<div class=\"wp-block-column is-layout-flow wp-block-column-is-layout-flow\"><\/div>\n<\/div>\n\n\n\n<div class=\"wp-block-group has-border-color has-secondary-border-color has-global-padding is-layout-constrained wp-container-core-group-is-layout-0b4cc052 wp-block-group-is-layout-constrained\" style=\"border-width:2px;border-radius:30px;padding-top:var(--wp--preset--spacing--medium);padding-right:var(--wp--preset--spacing--medium);padding-bottom:var(--wp--preset--spacing--medium);padding-left:var(--wp--preset--spacing--medium);box-shadow:none\"><h4 class=\"wp-block-heading\" id=\"welke-themas-komen-aan-bod\">Welke thema\u2019s komen aan bod ?<\/h4>\n\n\n<ul class=\"wp-block-list\">\n<li>Change management \/ hoe veranderprocessen richting koolstofneutraliteit aanpakken<\/li>\n\n\n\n<li>Low carbon-begeleiding<\/li>\n\n\n\n<li>CO<sub>2<\/sub>-prestatieladder<\/li>\n\n\n\n<li>Bezoek aan een inspirerende onderneming<\/li>\n<\/ul>\n\n\n\n<p><\/p>\n\n\n<h4 class=\"wp-block-heading\" id=\"op-het-programma\"><strong>Op het programma :<\/strong><\/h4>\n\n\n<ul class=\"wp-block-list\">\n<li><strong>8.30 &#8211; 9.00 uur:<\/strong> Ontvangst van de deelnemers<\/li>\n\n\n\n<li><strong>9.00 &#8211; 12.00 uur:<\/strong> <strong>Presentaties <\/strong>&#8211; Presentatie door H\u00e9l\u00e8ne Delloge, milieu, energie- en duurzamheid manager, Embuild Wallonie\n<ul class=\"wp-block-list\">\n<li><strong>9.00 &#8211; 9.45 uur:<\/strong> <strong>Verandermanagement \/ dynamiek richting decarbonisatie<\/strong> &#8211; Polygones<\/li>\n\n\n\n<li><strong>9.45 &#8211; 10.45 uur:<\/strong> <strong>Workshop (begeleiding &#8211; diagnose)<\/strong> &#8211; BEP<\/li>\n\n\n\n<li><strong>10.45 &#8211; 11.15 uur:<\/strong> <strong>De\u00a0CO2-prestatieladder<\/strong> &#8211; Embuild Wallonie<\/li>\n\n\n\n<li><strong>11.15 &#8211; 11.30 uur:<\/strong> <strong>Ervaringen met EPCO2<\/strong> &#8211; Polygones<\/li>\n\n\n\n<li><strong>11.30 &#8211; 11.45 uur:<\/strong> Vragen en antwoorden<\/li>\n<\/ul>\n<\/li>\n\n\n\n<li><strong>12.00 &#8211; 12.30\/45 uur:<\/strong> Bezoek aan Gramitherm,<strong>\u00a0<\/strong>een concreet voorbeeld van biogebaseerde isolatie gemaakt van lokaal geteeld gras, ondersteund door een industri\u00eble aanpak gericht op het verminderen van de\u00a0CO2-uitstoot, van grondstof tot eindproduct.<\/li>\n\n\n\n<li><strong>13.00 &#8211; 14.00 uur:<\/strong> Lunch<\/li>\n<\/ul>\n<\/div>\n\n\n<h3 class=\"wp-block-heading\" id=\"deze-workshop-biedt-u-de-gelegenheid-om\"><strong><strong>Deze workshop biedt u de gelegenheid om<\/strong><\/strong> :<\/h3>\n\n\n<ul class=\"wp-block-list\">\n<li>u toe te rusten om de transitie naar een koolstofarme economie te versnellen.\u00a0<\/li>\n\n\n\n<li>uw ervaringen te delen en inspiratie op te doen uit best practices.<\/li>\n\n\n\n<li>uw bedrijf te betrekken bij een duurzaamheidsbeleid.<\/li>\n<\/ul>\n\n\n<h3 class=\"wp-block-heading\" id=\"voor-wienbsp\"><strong>Voor wie ?<\/strong><\/h3>\n\n\n<p>Deze <strong>workshop <\/strong>staat open voor KMO\u2019s en kleine ondernemingen in de bouwsector, evenals voor bedrijven die al EPCO<sub>2<\/sub>-gecertificeerd zijn.<\/p>\n\n\n\n<div class=\"wp-block-buttons is-layout-flex wp-block-buttons-is-layout-flex\">\n<div class=\"wp-block-button\"><a class=\"wp-block-button__link wp-element-button\" href=\"https:\/\/forms.office.com\/Pages\/ResponsePage.aspx?id=n2z_S5E9_kWKXjoyi1yYCckP6-lkPjBKtWTLDE_keb5UMUtIVkVJUkpWMUVFWjI5TlZUQkNVVkM4NC4u#msdynmkt_trackingcontext=f8a4dd19-5ac1-4100-955f-7f9fb5d70300\" target=\"_blank\" rel=\"noreferrer noopener\">Inschrijven<\/a><\/div>\n<\/div>\n\n\n\n<p><\/p>\n","protected":false},"featured_media":2832,"template":"","meta":{"_acf_changed":false,"inline_featured_image":false,"footnotes":""},"event-category":[62,63],"location":[48],"class_list":["post-2046","event","type-event","status-publish","has-post-thumbnail","hentry","event-category-atelier","event-category-workshop","location-wallonie-belgie"],"acf":[],"yoast_head":"<!-- This site is optimized with the Yoast SEO plugin v27.2 - https:\/\/yoast.com\/product\/yoast-seo-wordpress\/ -->\n<title>Van diagnose tot CO2-prestatieladder\u00a0: van intenties naar acties\u00a0! &#8226; Build-value<\/title>\n<meta name=\"robots\" content=\"index, follow, max-snippet:-1, max-image-preview:large, max-video-preview:-1\" \/>\n<link rel=\"canonical\" href=\"https:\/\/build-value-interreg.eu\/nl\/agenda\/du-diagnostic-a-lechelle-de-performance-co2-passez-de-lintention-a-laction\/\" \/>\n<meta property=\"og:locale\" content=\"nl_NL\" \/>\n<meta property=\"og:type\" content=\"article\" \/>\n<meta property=\"og:title\" content=\"Van diagnose tot CO2-prestatieladder\u00a0: van intenties naar acties\u00a0! &#8226; Build-value\" \/>\n<meta property=\"og:description\" content=\"Neem op 4 december deel aan onze workshop die je helpt om jouw duurzame ambities om te zetten in concrete acties. Laat je inspireren, krijg praktische tools, deel ervaringen en zet jouw onderneming sterker op weg richting een versnelde koolstoftransitie. Praktische informatie&nbsp; Welke thema\u2019s komen aan bod ? Op het programma : Deze workshop biedt [&hellip;]\" \/>\n<meta property=\"og:url\" content=\"https:\/\/build-value-interreg.eu\/nl\/agenda\/du-diagnostic-a-lechelle-de-performance-co2-passez-de-lintention-a-laction\/\" \/>\n<meta property=\"og:site_name\" content=\"Build-value\" \/>\n<meta property=\"article:modified_time\" content=\"2026-03-11T14:56:21+00:00\" \/>\n<meta property=\"og:image\" content=\"https:\/\/build-value-interreg.eu\/wp-content\/uploads\/2025\/11\/atelier-2026-04-17-embuild-banniere-site-03-nl.jpg\" \/>\n\t<meta property=\"og:image:width\" content=\"820\" \/>\n\t<meta property=\"og:image:height\" content=\"450\" \/>\n\t<meta property=\"og:image:type\" content=\"image\/jpeg\" \/>\n<meta name=\"twitter:card\" content=\"summary_large_image\" \/>\n<meta name=\"twitter:label1\" content=\"Geschatte leestijd\" \/>\n\t<meta name=\"twitter:data1\" content=\"2 minuten\" \/>\n<script type=\"application\/ld+json\" class=\"yoast-schema-graph\">{\"@context\":\"https:\/\/schema.org\",\"@graph\":[{\"@type\":\"WebPage\",\"@id\":\"https:\/\/build-value-interreg.eu\/nl\/agenda\/du-diagnostic-a-lechelle-de-performance-co2-passez-de-lintention-a-laction\/\",\"url\":\"https:\/\/build-value-interreg.eu\/nl\/agenda\/du-diagnostic-a-lechelle-de-performance-co2-passez-de-lintention-a-laction\/\",\"name\":\"Van diagnose tot CO2-prestatieladder\u00a0: van intenties naar acties\u00a0! &#8226; Build-value\",\"isPartOf\":{\"@id\":\"https:\/\/build-value-interreg.eu\/nl\/#website\"},\"primaryImageOfPage\":{\"@id\":\"https:\/\/build-value-interreg.eu\/nl\/agenda\/du-diagnostic-a-lechelle-de-performance-co2-passez-de-lintention-a-laction\/#primaryimage\"},\"image\":{\"@id\":\"https:\/\/build-value-interreg.eu\/nl\/agenda\/du-diagnostic-a-lechelle-de-performance-co2-passez-de-lintention-a-laction\/#primaryimage\"},\"thumbnailUrl\":\"https:\/\/build-value-interreg.eu\/wp-content\/uploads\/2025\/11\/atelier-2026-04-17-embuild-banniere-site-03-nl.jpg\",\"datePublished\":\"2025-11-03T07:55:56+00:00\",\"dateModified\":\"2026-03-11T14:56:21+00:00\",\"breadcrumb\":{\"@id\":\"https:\/\/build-value-interreg.eu\/nl\/agenda\/du-diagnostic-a-lechelle-de-performance-co2-passez-de-lintention-a-laction\/#breadcrumb\"},\"inLanguage\":\"nl-NL\",\"potentialAction\":[{\"@type\":\"ReadAction\",\"target\":[\"https:\/\/build-value-interreg.eu\/nl\/agenda\/du-diagnostic-a-lechelle-de-performance-co2-passez-de-lintention-a-laction\/\"]}]},{\"@type\":\"ImageObject\",\"inLanguage\":\"nl-NL\",\"@id\":\"https:\/\/build-value-interreg.eu\/nl\/agenda\/du-diagnostic-a-lechelle-de-performance-co2-passez-de-lintention-a-laction\/#primaryimage\",\"url\":\"https:\/\/build-value-interreg.eu\/wp-content\/uploads\/2025\/11\/atelier-2026-04-17-embuild-banniere-site-03-nl.jpg\",\"contentUrl\":\"https:\/\/build-value-interreg.eu\/wp-content\/uploads\/2025\/11\/atelier-2026-04-17-embuild-banniere-site-03-nl.jpg\",\"width\":820,\"height\":450},{\"@type\":\"BreadcrumbList\",\"@id\":\"https:\/\/build-value-interreg.eu\/nl\/agenda\/du-diagnostic-a-lechelle-de-performance-co2-passez-de-lintention-a-laction\/#breadcrumb\",\"itemListElement\":[{\"@type\":\"ListItem\",\"position\":1,\"name\":\"Accueil\",\"item\":\"https:\/\/build-value-interreg.eu\/nl\/\"},{\"@type\":\"ListItem\",\"position\":2,\"name\":\"\u00c9v\u00e9nements\",\"item\":\"https:\/\/build-value-interreg.eu\/nl\/agenda\/\"},{\"@type\":\"ListItem\",\"position\":3,\"name\":\"Van diagnose tot CO2-prestatieladder\u00a0: van intenties naar acties\u00a0!\"}]},{\"@type\":\"WebSite\",\"@id\":\"https:\/\/build-value-interreg.eu\/nl\/#website\",\"url\":\"https:\/\/build-value-interreg.eu\/nl\/\",\"name\":\"Build-value\",\"description\":\"Valorisation des mat\u00e9riaux biosourc\u00e9s et g\u00e9osourc\u00e9s dans la construction.\",\"publisher\":{\"@id\":\"https:\/\/build-value-interreg.eu\/nl\/#organization\"},\"alternateName\":\"Build-value Interreg\",\"potentialAction\":[{\"@type\":\"SearchAction\",\"target\":{\"@type\":\"EntryPoint\",\"urlTemplate\":\"https:\/\/build-value-interreg.eu\/nl\/?s={search_term_string}\"},\"query-input\":{\"@type\":\"PropertyValueSpecification\",\"valueRequired\":true,\"valueName\":\"search_term_string\"}}],\"inLanguage\":\"nl-NL\"},{\"@type\":\"Organization\",\"@id\":\"https:\/\/build-value-interreg.eu\/nl\/#organization\",\"name\":\"Build-value\",\"url\":\"https:\/\/build-value-interreg.eu\/nl\/\",\"logo\":{\"@type\":\"ImageObject\",\"inLanguage\":\"nl-NL\",\"@id\":\"https:\/\/build-value-interreg.eu\/nl\/#\/schema\/logo\/image\/\",\"url\":\"https:\/\/build-value-interreg.eu\/wp-content\/uploads\/2025\/05\/build-value-logo.svg\",\"contentUrl\":\"https:\/\/build-value-interreg.eu\/wp-content\/uploads\/2025\/05\/build-value-logo.svg\",\"caption\":\"Build-value\"},\"image\":{\"@id\":\"https:\/\/build-value-interreg.eu\/nl\/#\/schema\/logo\/image\/\"},\"sameAs\":[\"https:\/\/www.youtube.com\/@InterregBuild-value\",\"https:\/\/www.linkedin.com\/company\/build-value\/\"]}]}<\/script>\n<!-- \/ Yoast SEO plugin. -->","yoast_head_json":{"title":"Van diagnose tot CO2-prestatieladder\u00a0: van intenties naar acties\u00a0! &#8226; Build-value","robots":{"index":"index","follow":"follow","max-snippet":"max-snippet:-1","max-image-preview":"max-image-preview:large","max-video-preview":"max-video-preview:-1"},"canonical":"https:\/\/build-value-interreg.eu\/nl\/agenda\/du-diagnostic-a-lechelle-de-performance-co2-passez-de-lintention-a-laction\/","og_locale":"nl_NL","og_type":"article","og_title":"Van diagnose tot CO2-prestatieladder\u00a0: van intenties naar acties\u00a0! &#8226; Build-value","og_description":"Neem op 4 december deel aan onze workshop die je helpt om jouw duurzame ambities om te zetten in concrete acties. Laat je inspireren, krijg praktische tools, deel ervaringen en zet jouw onderneming sterker op weg richting een versnelde koolstoftransitie. Praktische informatie&nbsp; Welke thema\u2019s komen aan bod ? Op het programma : Deze workshop biedt [&hellip;]","og_url":"https:\/\/build-value-interreg.eu\/nl\/agenda\/du-diagnostic-a-lechelle-de-performance-co2-passez-de-lintention-a-laction\/","og_site_name":"Build-value","article_modified_time":"2026-03-11T14:56:21+00:00","og_image":[{"width":820,"height":450,"url":"https:\/\/build-value-interreg.eu\/wp-content\/uploads\/2025\/11\/atelier-2026-04-17-embuild-banniere-site-03-nl.jpg","type":"image\/jpeg"}],"twitter_card":"summary_large_image","twitter_misc":{"Geschatte leestijd":"2 minuten"},"schema":{"@context":"https:\/\/schema.org","@graph":[{"@type":"WebPage","@id":"https:\/\/build-value-interreg.eu\/nl\/agenda\/du-diagnostic-a-lechelle-de-performance-co2-passez-de-lintention-a-laction\/","url":"https:\/\/build-value-interreg.eu\/nl\/agenda\/du-diagnostic-a-lechelle-de-performance-co2-passez-de-lintention-a-laction\/","name":"Van diagnose tot CO2-prestatieladder\u00a0: van intenties naar acties\u00a0! &#8226; Build-value","isPartOf":{"@id":"https:\/\/build-value-interreg.eu\/nl\/#website"},"primaryImageOfPage":{"@id":"https:\/\/build-value-interreg.eu\/nl\/agenda\/du-diagnostic-a-lechelle-de-performance-co2-passez-de-lintention-a-laction\/#primaryimage"},"image":{"@id":"https:\/\/build-value-interreg.eu\/nl\/agenda\/du-diagnostic-a-lechelle-de-performance-co2-passez-de-lintention-a-laction\/#primaryimage"},"thumbnailUrl":"https:\/\/build-value-interreg.eu\/wp-content\/uploads\/2025\/11\/atelier-2026-04-17-embuild-banniere-site-03-nl.jpg","datePublished":"2025-11-03T07:55:56+00:00","dateModified":"2026-03-11T14:56:21+00:00","breadcrumb":{"@id":"https:\/\/build-value-interreg.eu\/nl\/agenda\/du-diagnostic-a-lechelle-de-performance-co2-passez-de-lintention-a-laction\/#breadcrumb"},"inLanguage":"nl-NL","potentialAction":[{"@type":"ReadAction","target":["https:\/\/build-value-interreg.eu\/nl\/agenda\/du-diagnostic-a-lechelle-de-performance-co2-passez-de-lintention-a-laction\/"]}]},{"@type":"ImageObject","inLanguage":"nl-NL","@id":"https:\/\/build-value-interreg.eu\/nl\/agenda\/du-diagnostic-a-lechelle-de-performance-co2-passez-de-lintention-a-laction\/#primaryimage","url":"https:\/\/build-value-interreg.eu\/wp-content\/uploads\/2025\/11\/atelier-2026-04-17-embuild-banniere-site-03-nl.jpg","contentUrl":"https:\/\/build-value-interreg.eu\/wp-content\/uploads\/2025\/11\/atelier-2026-04-17-embuild-banniere-site-03-nl.jpg","width":820,"height":450},{"@type":"BreadcrumbList","@id":"https:\/\/build-value-interreg.eu\/nl\/agenda\/du-diagnostic-a-lechelle-de-performance-co2-passez-de-lintention-a-laction\/#breadcrumb","itemListElement":[{"@type":"ListItem","position":1,"name":"Accueil","item":"https:\/\/build-value-interreg.eu\/nl\/"},{"@type":"ListItem","position":2,"name":"\u00c9v\u00e9nements","item":"https:\/\/build-value-interreg.eu\/nl\/agenda\/"},{"@type":"ListItem","position":3,"name":"Van diagnose tot CO2-prestatieladder\u00a0: van intenties naar acties\u00a0!"}]},{"@type":"WebSite","@id":"https:\/\/build-value-interreg.eu\/nl\/#website","url":"https:\/\/build-value-interreg.eu\/nl\/","name":"Build-value","description":"Valorisation des mat\u00e9riaux biosourc\u00e9s et g\u00e9osourc\u00e9s dans la construction.","publisher":{"@id":"https:\/\/build-value-interreg.eu\/nl\/#organization"},"alternateName":"Build-value Interreg","potentialAction":[{"@type":"SearchAction","target":{"@type":"EntryPoint","urlTemplate":"https:\/\/build-value-interreg.eu\/nl\/?s={search_term_string}"},"query-input":{"@type":"PropertyValueSpecification","valueRequired":true,"valueName":"search_term_string"}}],"inLanguage":"nl-NL"},{"@type":"Organization","@id":"https:\/\/build-value-interreg.eu\/nl\/#organization","name":"Build-value","url":"https:\/\/build-value-interreg.eu\/nl\/","logo":{"@type":"ImageObject","inLanguage":"nl-NL","@id":"https:\/\/build-value-interreg.eu\/nl\/#\/schema\/logo\/image\/","url":"https:\/\/build-value-interreg.eu\/wp-content\/uploads\/2025\/05\/build-value-logo.svg","contentUrl":"https:\/\/build-value-interreg.eu\/wp-content\/uploads\/2025\/05\/build-value-logo.svg","caption":"Build-value"},"image":{"@id":"https:\/\/build-value-interreg.eu\/nl\/#\/schema\/logo\/image\/"},"sameAs":["https:\/\/www.youtube.com\/@InterregBuild-value","https:\/\/www.linkedin.com\/company\/build-value\/"]}]}},"_links":{"self":[{"href":"https:\/\/build-value-interreg.eu\/nl\/wp-json\/wp\/v2\/event\/2046","targetHints":{"allow":["GET"]}}],"collection":[{"href":"https:\/\/build-value-interreg.eu\/nl\/wp-json\/wp\/v2\/event"}],"about":[{"href":"https:\/\/build-value-interreg.eu\/nl\/wp-json\/wp\/v2\/types\/event"}],"version-history":[{"count":5,"href":"https:\/\/build-value-interreg.eu\/nl\/wp-json\/wp\/v2\/event\/2046\/revisions"}],"predecessor-version":[{"id":2834,"href":"https:\/\/build-value-interreg.eu\/nl\/wp-json\/wp\/v2\/event\/2046\/revisions\/2834"}],"wp:featuredmedia":[{"embeddable":true,"href":"https:\/\/build-value-interreg.eu\/nl\/wp-json\/wp\/v2\/media\/2832"}],"wp:attachment":[{"href":"https:\/\/build-value-interreg.eu\/nl\/wp-json\/wp\/v2\/media?parent=2046"}],"wp:term":[{"taxonomy":"event-category","embeddable":true,"href":"https:\/\/build-value-interreg.eu\/nl\/wp-json\/wp\/v2\/event-category?post=2046"},{"taxonomy":"location","embeddable":true,"href":"https:\/\/build-value-interreg.eu\/nl\/wp-json\/wp\/v2\/location?post=2046"}],"curies":[{"name":"wp","href":"https:\/\/api.w.org\/{rel}","templated":true}]}}