{"id":1960,"date":"2025-10-13T12:41:38","date_gmt":"2025-10-13T10:41:38","guid":{"rendered":"https:\/\/build-value-interreg.eu\/event\/webinaire-session-dinformation-sur-les-incitants-a-la-renovation-en-france-06-11-25\/"},"modified":"2025-10-13T13:05:46","modified_gmt":"2025-10-13T11:05:46","slug":"webinaire-session-dinformation-sur-les-incitants-a-la-renovation-en-france-06-11-25","status":"publish","type":"event","link":"https:\/\/build-value-interreg.eu\/nl\/agenda\/webinaire-session-dinformation-sur-les-incitants-a-la-renovation-en-france-06-11-25\/","title":{"rendered":"Webinar : informatiesessie over renovatiesteunmaatregelen in de Franse regio"},"content":{"rendered":"\n<div class=\"wp-block-columns is-layout-flex wp-container-core-columns-is-layout-28f84493 wp-block-columns-is-layout-flex\">\n<div class=\"wp-block-column is-layout-flow wp-block-column-is-layout-flow\">\n<div class=\"wp-block-getwid-icon is-aligned-center\"><div class=\"wp-block-getwid-icon__wrapper getwid-animation has-text-color has-secondary-color\" data-animation=\"tada\"><i class=\"far fa-clock\"><\/i><\/div><\/div>\n\n\n\n<p class=\"has-text-align-center has-text-color has-link-color wp-elements-88d49b0d1568267979fe776be1618407\" style=\"color:#969696\"><em>6 november<\/em><br><em>van 12.00 tot 12.30 uur<\/em><\/p>\n<\/div>\n\n\n\n<div class=\"wp-block-column is-layout-flow wp-block-column-is-layout-flow\">\n<div class=\"wp-block-getwid-icon is-aligned-center\"><div class=\"wp-block-getwid-icon__wrapper getwid-animation has-text-color has-secondary-color\" data-animation=\"tada\"><i class=\"fas fa-microphone\"><\/i><\/div><\/div>\n\n\n\n<p class=\"has-text-align-center has-text-color has-link-color wp-elements-d79bedfb01afd0f1056078893c96ed62\" style=\"color:#969696\"><em>Christophe Leriche, ADIL NPDC, adviseur France R\u00e9nov\u2019 voor de agglomeratie Porte du Hainaut<\/em><\/p>\n<\/div>\n\n\n\n<div class=\"wp-block-column is-layout-flow wp-block-column-is-layout-flow\">\n<div class=\"wp-block-getwid-icon is-aligned-center\"><div class=\"wp-block-getwid-icon__wrapper getwid-animation has-text-color has-secondary-color\" data-animation=\"tada\"><i class=\"fas fa-map-marker-alt\"><\/i><\/div><\/div>\n\n\n\n<p class=\"has-text-align-center has-text-color has-link-color wp-elements-7a9408440e0c515c70352d40e66cbd6a\" style=\"color:#969696\">Webinar via livestorm<\/p>\n<\/div>\n<\/div>\n\n\n\n<hr class=\"wp-block-separator has-text-color has-contrast-color has-alpha-channel-opacity has-contrast-background-color has-background is-style-dots\" style=\"margin-top:var(--wp--preset--spacing--medium);margin-bottom:var(--wp--preset--spacing--medium)\"\/>\n\n\n\n<div class=\"wp-block-group is-vertical is-layout-flex wp-container-core-group-is-layout-fe9cc265 wp-block-group-is-layout-flex\"><\/div>\n\n\n\n<div class=\"wp-block-media-text is-stacked-on-mobile is-vertically-aligned-top\" style=\"grid-template-columns:58% auto\"><figure class=\"wp-block-media-text__media\"><a href=\"https:\/\/register.visitcloud.com\/survey\/15i887jnuht52?actioncode=NTWO000034GBR&amp;partner-contact=32otg9jn46ij5&amp;verifier=POGM3btADLHPW4Z7YTuAk0UIWSs\" target=\"_blank\" rel=\" noreferrer noopener\"><img loading=\"lazy\" decoding=\"async\" width=\"1024\" height=\"1024\" src=\"https:\/\/build-value-interreg.eu\/wp-content\/uploads\/2025\/10\/0611-1024x1024png.webp\" alt=\"\" class=\"wp-image-1945 size-full\" srcset=\"https:\/\/build-value-interreg.eu\/wp-content\/uploads\/2025\/10\/0611-1024x1024png.webp 1024w, https:\/\/build-value-interreg.eu\/wp-content\/uploads\/2025\/10\/0611-1024x1024png-300x300.webp 300w, https:\/\/build-value-interreg.eu\/wp-content\/uploads\/2025\/10\/0611-1024x1024png-150x150.webp 150w, https:\/\/build-value-interreg.eu\/wp-content\/uploads\/2025\/10\/0611-1024x1024png-768x768.webp 768w, https:\/\/build-value-interreg.eu\/wp-content\/uploads\/2025\/10\/0611-1024x1024png-450x450.webp 450w, https:\/\/build-value-interreg.eu\/wp-content\/uploads\/2025\/10\/0611-1024x1024png-900x900.webp 900w\" sizes=\"(max-width: 1024px) 100vw, 1024px\" \/><\/a><\/figure><div class=\"wp-block-media-text__content\">\n<p>Na enkele maanden van onzekerheid heeft de Franse regering zopas de heropening aangekondigd van de regeling Ma Prime R\u00e9nov\u2019, een onmisbaar instrument om huishoudens financieel te ondersteunen bij hun renovatieprojecten.<\/p>\n\n\n\n<p>Wat verandert er aan het einde van dit jaar? Wie komt ervoor in aanmerking? Voor welke werkzaamheden? Wat zijn de verwerkingstermijnen? Wat zijn de gevolgen voor bouwbedrijven?<\/p>\n\n\n\n<div class=\"wp-block-buttons is-content-justification-left is-layout-flex wp-container-core-buttons-is-layout-5072ca3a wp-block-buttons-is-layout-flex\" style=\"margin-top:var(--wp--preset--spacing--medium);margin-bottom:var(--wp--preset--spacing--medium)\">\n<div class=\"wp-block-button\"><a class=\"wp-block-button__link has-text-align-center wp-element-button\" href=\"https:\/\/app.livestorm.co\/cd2e\/build-value-or-evolution-du-dispositif-ma-prime-renov\" target=\"_blank\" rel=\"noreferrer noopener\">Inschrijving<\/a><\/div>\n<\/div>\n<\/div><\/div>\n\n\n\n<div class=\"wp-block-columns is-layout-flex wp-container-core-columns-is-layout-28f84493 wp-block-columns-is-layout-flex\">\n<div class=\"wp-block-column is-layout-flow wp-block-column-is-layout-flow\"><\/div>\n\n\n\n<div class=\"wp-block-column is-layout-flow wp-block-column-is-layout-flow\"><\/div>\n<\/div>\n\n\n\n<p><\/p>\n","protected":false},"featured_media":1948,"template":"","meta":{"_acf_changed":false,"inline_featured_image":false,"footnotes":""},"event-category":[58],"location":[59],"class_list":["post-1960","event","type-event","status-publish","has-post-thumbnail","hentry","event-category-webinar","location-online"],"acf":[],"yoast_head":"<!-- This site is optimized with the Yoast SEO plugin v27.2 - https:\/\/yoast.com\/product\/yoast-seo-wordpress\/ -->\n<title>Webinar : informatiesessie over renovatiesteunmaatregelen in de Franse regio &#8226; Build-value<\/title>\n<meta name=\"robots\" content=\"index, follow, max-snippet:-1, max-image-preview:large, max-video-preview:-1\" \/>\n<link rel=\"canonical\" href=\"https:\/\/build-value-interreg.eu\/nl\/agenda\/webinaire-session-dinformation-sur-les-incitants-a-la-renovation-en-france-06-11-25\/\" \/>\n<meta property=\"og:locale\" content=\"nl_NL\" \/>\n<meta property=\"og:type\" content=\"article\" \/>\n<meta property=\"og:title\" content=\"Webinar : informatiesessie over renovatiesteunmaatregelen in de Franse regio &#8226; Build-value\" \/>\n<meta property=\"og:description\" content=\"6 novembervan 12.00 tot 12.30 uur Christophe Leriche, ADIL NPDC, adviseur France R\u00e9nov\u2019 voor de agglomeratie Porte du Hainaut Webinar via livestorm\" \/>\n<meta property=\"og:url\" content=\"https:\/\/build-value-interreg.eu\/nl\/agenda\/webinaire-session-dinformation-sur-les-incitants-a-la-renovation-en-france-06-11-25\/\" \/>\n<meta property=\"og:site_name\" content=\"Build-value\" \/>\n<meta property=\"article:modified_time\" content=\"2025-10-13T11:05:46+00:00\" \/>\n<meta property=\"og:image\" content=\"https:\/\/build-value-interreg.eu\/wp-content\/uploads\/2025\/10\/shutterstock-2650016861-small.jpg\" \/>\n\t<meta property=\"og:image:width\" content=\"1422\" \/>\n\t<meta property=\"og:image:height\" content=\"800\" \/>\n\t<meta property=\"og:image:type\" content=\"image\/jpeg\" \/>\n<meta name=\"twitter:card\" content=\"summary_large_image\" \/>\n<meta name=\"twitter:label1\" content=\"Geschatte leestijd\" \/>\n\t<meta name=\"twitter:data1\" content=\"1 minuut\" \/>\n<script type=\"application\/ld+json\" class=\"yoast-schema-graph\">{\"@context\":\"https:\/\/schema.org\",\"@graph\":[{\"@type\":\"WebPage\",\"@id\":\"https:\/\/build-value-interreg.eu\/nl\/agenda\/webinaire-session-dinformation-sur-les-incitants-a-la-renovation-en-france-06-11-25\/\",\"url\":\"https:\/\/build-value-interreg.eu\/nl\/agenda\/webinaire-session-dinformation-sur-les-incitants-a-la-renovation-en-france-06-11-25\/\",\"name\":\"Webinar : informatiesessie over renovatiesteunmaatregelen in de Franse regio &#8226; Build-value\",\"isPartOf\":{\"@id\":\"https:\/\/build-value-interreg.eu\/nl\/#website\"},\"primaryImageOfPage\":{\"@id\":\"https:\/\/build-value-interreg.eu\/nl\/agenda\/webinaire-session-dinformation-sur-les-incitants-a-la-renovation-en-france-06-11-25\/#primaryimage\"},\"image\":{\"@id\":\"https:\/\/build-value-interreg.eu\/nl\/agenda\/webinaire-session-dinformation-sur-les-incitants-a-la-renovation-en-france-06-11-25\/#primaryimage\"},\"thumbnailUrl\":\"https:\/\/build-value-interreg.eu\/wp-content\/uploads\/2025\/10\/shutterstock-2650016861-small.jpg\",\"datePublished\":\"2025-10-13T10:41:38+00:00\",\"dateModified\":\"2025-10-13T11:05:46+00:00\",\"breadcrumb\":{\"@id\":\"https:\/\/build-value-interreg.eu\/nl\/agenda\/webinaire-session-dinformation-sur-les-incitants-a-la-renovation-en-france-06-11-25\/#breadcrumb\"},\"inLanguage\":\"nl-NL\",\"potentialAction\":[{\"@type\":\"ReadAction\",\"target\":[\"https:\/\/build-value-interreg.eu\/nl\/agenda\/webinaire-session-dinformation-sur-les-incitants-a-la-renovation-en-france-06-11-25\/\"]}]},{\"@type\":\"ImageObject\",\"inLanguage\":\"nl-NL\",\"@id\":\"https:\/\/build-value-interreg.eu\/nl\/agenda\/webinaire-session-dinformation-sur-les-incitants-a-la-renovation-en-france-06-11-25\/#primaryimage\",\"url\":\"https:\/\/build-value-interreg.eu\/wp-content\/uploads\/2025\/10\/shutterstock-2650016861-small.jpg\",\"contentUrl\":\"https:\/\/build-value-interreg.eu\/wp-content\/uploads\/2025\/10\/shutterstock-2650016861-small.jpg\",\"width\":1422,\"height\":800,\"caption\":\"Wooden house models with rising arrows and percentage icons, representing real estate investment growth, home value appreciation, and mortgage rate trends.\"},{\"@type\":\"BreadcrumbList\",\"@id\":\"https:\/\/build-value-interreg.eu\/nl\/agenda\/webinaire-session-dinformation-sur-les-incitants-a-la-renovation-en-france-06-11-25\/#breadcrumb\",\"itemListElement\":[{\"@type\":\"ListItem\",\"position\":1,\"name\":\"Accueil\",\"item\":\"https:\/\/build-value-interreg.eu\/nl\/\"},{\"@type\":\"ListItem\",\"position\":2,\"name\":\"\u00c9v\u00e9nements\",\"item\":\"https:\/\/build-value-interreg.eu\/nl\/agenda\/\"},{\"@type\":\"ListItem\",\"position\":3,\"name\":\"Webinar : informatiesessie over renovatiesteunmaatregelen in de Franse regio\"}]},{\"@type\":\"WebSite\",\"@id\":\"https:\/\/build-value-interreg.eu\/nl\/#website\",\"url\":\"https:\/\/build-value-interreg.eu\/nl\/\",\"name\":\"Build-value\",\"description\":\"Valorisation des mat\u00e9riaux biosourc\u00e9s et g\u00e9osourc\u00e9s dans la construction.\",\"publisher\":{\"@id\":\"https:\/\/build-value-interreg.eu\/nl\/#organization\"},\"alternateName\":\"Build-value Interreg\",\"potentialAction\":[{\"@type\":\"SearchAction\",\"target\":{\"@type\":\"EntryPoint\",\"urlTemplate\":\"https:\/\/build-value-interreg.eu\/nl\/?s={search_term_string}\"},\"query-input\":{\"@type\":\"PropertyValueSpecification\",\"valueRequired\":true,\"valueName\":\"search_term_string\"}}],\"inLanguage\":\"nl-NL\"},{\"@type\":\"Organization\",\"@id\":\"https:\/\/build-value-interreg.eu\/nl\/#organization\",\"name\":\"Build-value\",\"url\":\"https:\/\/build-value-interreg.eu\/nl\/\",\"logo\":{\"@type\":\"ImageObject\",\"inLanguage\":\"nl-NL\",\"@id\":\"https:\/\/build-value-interreg.eu\/nl\/#\/schema\/logo\/image\/\",\"url\":\"https:\/\/build-value-interreg.eu\/wp-content\/uploads\/2025\/05\/build-value-logo.svg\",\"contentUrl\":\"https:\/\/build-value-interreg.eu\/wp-content\/uploads\/2025\/05\/build-value-logo.svg\",\"caption\":\"Build-value\"},\"image\":{\"@id\":\"https:\/\/build-value-interreg.eu\/nl\/#\/schema\/logo\/image\/\"},\"sameAs\":[\"https:\/\/www.youtube.com\/@InterregBuild-value\",\"https:\/\/www.linkedin.com\/company\/build-value\/\"]}]}<\/script>\n<!-- \/ Yoast SEO plugin. -->","yoast_head_json":{"title":"Webinar : informatiesessie over renovatiesteunmaatregelen in de Franse regio &#8226; Build-value","robots":{"index":"index","follow":"follow","max-snippet":"max-snippet:-1","max-image-preview":"max-image-preview:large","max-video-preview":"max-video-preview:-1"},"canonical":"https:\/\/build-value-interreg.eu\/nl\/agenda\/webinaire-session-dinformation-sur-les-incitants-a-la-renovation-en-france-06-11-25\/","og_locale":"nl_NL","og_type":"article","og_title":"Webinar : informatiesessie over renovatiesteunmaatregelen in de Franse regio &#8226; Build-value","og_description":"6 novembervan 12.00 tot 12.30 uur Christophe Leriche, ADIL NPDC, adviseur France R\u00e9nov\u2019 voor de agglomeratie Porte du Hainaut Webinar via livestorm","og_url":"https:\/\/build-value-interreg.eu\/nl\/agenda\/webinaire-session-dinformation-sur-les-incitants-a-la-renovation-en-france-06-11-25\/","og_site_name":"Build-value","article_modified_time":"2025-10-13T11:05:46+00:00","og_image":[{"width":1422,"height":800,"url":"https:\/\/build-value-interreg.eu\/wp-content\/uploads\/2025\/10\/shutterstock-2650016861-small.jpg","type":"image\/jpeg"}],"twitter_card":"summary_large_image","twitter_misc":{"Geschatte leestijd":"1 minuut"},"schema":{"@context":"https:\/\/schema.org","@graph":[{"@type":"WebPage","@id":"https:\/\/build-value-interreg.eu\/nl\/agenda\/webinaire-session-dinformation-sur-les-incitants-a-la-renovation-en-france-06-11-25\/","url":"https:\/\/build-value-interreg.eu\/nl\/agenda\/webinaire-session-dinformation-sur-les-incitants-a-la-renovation-en-france-06-11-25\/","name":"Webinar : informatiesessie over renovatiesteunmaatregelen in de Franse regio &#8226; Build-value","isPartOf":{"@id":"https:\/\/build-value-interreg.eu\/nl\/#website"},"primaryImageOfPage":{"@id":"https:\/\/build-value-interreg.eu\/nl\/agenda\/webinaire-session-dinformation-sur-les-incitants-a-la-renovation-en-france-06-11-25\/#primaryimage"},"image":{"@id":"https:\/\/build-value-interreg.eu\/nl\/agenda\/webinaire-session-dinformation-sur-les-incitants-a-la-renovation-en-france-06-11-25\/#primaryimage"},"thumbnailUrl":"https:\/\/build-value-interreg.eu\/wp-content\/uploads\/2025\/10\/shutterstock-2650016861-small.jpg","datePublished":"2025-10-13T10:41:38+00:00","dateModified":"2025-10-13T11:05:46+00:00","breadcrumb":{"@id":"https:\/\/build-value-interreg.eu\/nl\/agenda\/webinaire-session-dinformation-sur-les-incitants-a-la-renovation-en-france-06-11-25\/#breadcrumb"},"inLanguage":"nl-NL","potentialAction":[{"@type":"ReadAction","target":["https:\/\/build-value-interreg.eu\/nl\/agenda\/webinaire-session-dinformation-sur-les-incitants-a-la-renovation-en-france-06-11-25\/"]}]},{"@type":"ImageObject","inLanguage":"nl-NL","@id":"https:\/\/build-value-interreg.eu\/nl\/agenda\/webinaire-session-dinformation-sur-les-incitants-a-la-renovation-en-france-06-11-25\/#primaryimage","url":"https:\/\/build-value-interreg.eu\/wp-content\/uploads\/2025\/10\/shutterstock-2650016861-small.jpg","contentUrl":"https:\/\/build-value-interreg.eu\/wp-content\/uploads\/2025\/10\/shutterstock-2650016861-small.jpg","width":1422,"height":800,"caption":"Wooden house models with rising arrows and percentage icons, representing real estate investment growth, home value appreciation, and mortgage rate trends."},{"@type":"BreadcrumbList","@id":"https:\/\/build-value-interreg.eu\/nl\/agenda\/webinaire-session-dinformation-sur-les-incitants-a-la-renovation-en-france-06-11-25\/#breadcrumb","itemListElement":[{"@type":"ListItem","position":1,"name":"Accueil","item":"https:\/\/build-value-interreg.eu\/nl\/"},{"@type":"ListItem","position":2,"name":"\u00c9v\u00e9nements","item":"https:\/\/build-value-interreg.eu\/nl\/agenda\/"},{"@type":"ListItem","position":3,"name":"Webinar : informatiesessie over renovatiesteunmaatregelen in de Franse regio"}]},{"@type":"WebSite","@id":"https:\/\/build-value-interreg.eu\/nl\/#website","url":"https:\/\/build-value-interreg.eu\/nl\/","name":"Build-value","description":"Valorisation des mat\u00e9riaux biosourc\u00e9s et g\u00e9osourc\u00e9s dans la construction.","publisher":{"@id":"https:\/\/build-value-interreg.eu\/nl\/#organization"},"alternateName":"Build-value Interreg","potentialAction":[{"@type":"SearchAction","target":{"@type":"EntryPoint","urlTemplate":"https:\/\/build-value-interreg.eu\/nl\/?s={search_term_string}"},"query-input":{"@type":"PropertyValueSpecification","valueRequired":true,"valueName":"search_term_string"}}],"inLanguage":"nl-NL"},{"@type":"Organization","@id":"https:\/\/build-value-interreg.eu\/nl\/#organization","name":"Build-value","url":"https:\/\/build-value-interreg.eu\/nl\/","logo":{"@type":"ImageObject","inLanguage":"nl-NL","@id":"https:\/\/build-value-interreg.eu\/nl\/#\/schema\/logo\/image\/","url":"https:\/\/build-value-interreg.eu\/wp-content\/uploads\/2025\/05\/build-value-logo.svg","contentUrl":"https:\/\/build-value-interreg.eu\/wp-content\/uploads\/2025\/05\/build-value-logo.svg","caption":"Build-value"},"image":{"@id":"https:\/\/build-value-interreg.eu\/nl\/#\/schema\/logo\/image\/"},"sameAs":["https:\/\/www.youtube.com\/@InterregBuild-value","https:\/\/www.linkedin.com\/company\/build-value\/"]}]}},"_links":{"self":[{"href":"https:\/\/build-value-interreg.eu\/nl\/wp-json\/wp\/v2\/event\/1960","targetHints":{"allow":["GET"]}}],"collection":[{"href":"https:\/\/build-value-interreg.eu\/nl\/wp-json\/wp\/v2\/event"}],"about":[{"href":"https:\/\/build-value-interreg.eu\/nl\/wp-json\/wp\/v2\/types\/event"}],"version-history":[{"count":3,"href":"https:\/\/build-value-interreg.eu\/nl\/wp-json\/wp\/v2\/event\/1960\/revisions"}],"predecessor-version":[{"id":2100,"href":"https:\/\/build-value-interreg.eu\/nl\/wp-json\/wp\/v2\/event\/1960\/revisions\/2100"}],"wp:featuredmedia":[{"embeddable":true,"href":"https:\/\/build-value-interreg.eu\/nl\/wp-json\/wp\/v2\/media\/1948"}],"wp:attachment":[{"href":"https:\/\/build-value-interreg.eu\/nl\/wp-json\/wp\/v2\/media?parent=1960"}],"wp:term":[{"taxonomy":"event-category","embeddable":true,"href":"https:\/\/build-value-interreg.eu\/nl\/wp-json\/wp\/v2\/event-category?post=1960"},{"taxonomy":"location","embeddable":true,"href":"https:\/\/build-value-interreg.eu\/nl\/wp-json\/wp\/v2\/location?post=1960"}],"curies":[{"name":"wp","href":"https:\/\/api.w.org\/{rel}","templated":true}]}}